{"id":42941,"date":"2020-11-04T15:15:59","date_gmt":"2020-11-04T20:15:59","guid":{"rendered":"https:\/\/www.muralunique.com\/?post_type=product&#038;p=42941"},"modified":"2022-03-16T17:38:05","modified_gmt":"2022-03-16T21:38:05","slug":"foret-temoins-de-la-bruine","status":"publish","type":"product","link":"https:\/\/www.muralunique.com\/fr\/produit\/foret-temoins-de-la-bruine\/","title":{"rendered":"For\u00eat T\u00e9moins de la Bruine"},"content":{"rendered":"<p>-Splendide murale en papier peint provenant d&#8217;une photographie du c\u00e9l\u00e8bre artiste Lars Van De Goor. Ce paysage paisible et myst\u00e9rieux est parfait pour cr\u00e9er une atmosph\u00e8re de d\u00e9tente et de relaxation. Une tr\u00e8s bonne id\u00e9e d\u00e9co pour une chambre ou un salon mais \u00e9galement une excellente option pour un spa, une salle de yoga ou une salle de m\u00e9ditation.<\/p>\n<p>-La murale comprend des laizes de 18&#8243; (45cm) de largeur. Par exemple, une murale de 6&#8242; (1,83m) de largeur a 4 laizes et une murale de 12&#8242; (3,66m) de largeur a 8 laizes.<\/p>\n<p>-Murale en papier\u00a0peint pr\u00e9encoll\u00e9e, lavable, s&#8217;enl\u00e8ve \u00e0 sec et r\u00e9utilisable. Facile \u00e0 installer, se pose comme du papier\u00a0peint (tapisserie).<\/p>\n<p>-Photographie de Lars van de Goor. Vous pouvez obtenir plus d&#8217;informations \u00e0 <a href=\"http:\/\/www.larsvandegoor.com\" rel=\"nofollow noopener\" target=\"_blank\">www.larsvandegoor.com<\/a>.<\/p>\n<p>-murale for\u00eat t\u00e9moins de la brune, papier peint for\u00eat t\u00e9moins de la brune, tapisserie for\u00eat t\u00e9moins de la brune, photo murale for\u00eat t\u00e9moins de la brune, murale de for\u00eat, murale de la nature, murale de paysage, photo murale de for\u00eat, papier peint de for\u00eat<\/p>\n","protected":false},"excerpt":{"rendered":"<p>-Splendide murale en papier peint provenant d&#8217;une photographie du c\u00e9l\u00e8bre artiste Lars Van De Goor. Ce paysage paisible et myst\u00e9rieux est parfait pour cr\u00e9er une atmosph\u00e8re de d\u00e9tente et de relaxation. Une tr\u00e8s bonne id\u00e9e d\u00e9co pour une chambre ou un salon mais \u00e9galement une excellente option pour un spa, une salle de yoga ou [&hellip;]<\/p>\n","protected":false},"featured_media":42951,"template":"","meta":{"_acf_changed":false},"product_brand":[],"product_cat":[141,401],"product_tag":[9477,9478,9186,9605,8864,9019,9219,9261,9137,9645,9467],"class_list":{"0":"post-42941","1":"product","2":"type-product","3":"status-publish","4":"has-post-thumbnail","6":"artist-lars-van-de-goor-fr","7":"product_cat-nature-et-paysages","8":"product_cat-tous-nos-produits","9":"product_tag-arbre","10":"product_tag-arbres","11":"product_tag-bruine","12":"product_tag-brumeux-fr","13":"product_tag-calme","14":"product_tag-foret","15":"product_tag-nature-fr","16":"product_tag-paisible","17":"product_tag-paysage","18":"product_tag-temoins","19":"product_tag-tranquilite","21":"first","22":"instock","23":"taxable","24":"shipping-taxable","25":"purchasable","26":"product-type-variable","27":"has-default-attributes"},"acf":[],"_links":{"self":[{"href":"https:\/\/www.muralunique.com\/fr\/wp-json\/wp\/v2\/product\/42941","targetHints":{"allow":["GET"]}}],"collection":[{"href":"https:\/\/www.muralunique.com\/fr\/wp-json\/wp\/v2\/product"}],"about":[{"href":"https:\/\/www.muralunique.com\/fr\/wp-json\/wp\/v2\/types\/product"}],"wp:featuredmedia":[{"embeddable":true,"href":"https:\/\/www.muralunique.com\/fr\/wp-json\/wp\/v2\/media\/42951"}],"wp:attachment":[{"href":"https:\/\/www.muralunique.com\/fr\/wp-json\/wp\/v2\/media?parent=42941"}],"wp:term":[{"taxonomy":"product_brand","embeddable":true,"href":"https:\/\/www.muralunique.com\/fr\/wp-json\/wp\/v2\/product_brand?post=42941"},{"taxonomy":"product_cat","embeddable":true,"href":"https:\/\/www.muralunique.com\/fr\/wp-json\/wp\/v2\/product_cat?post=42941"},{"taxonomy":"product_tag","embeddable":true,"href":"https:\/\/www.muralunique.com\/fr\/wp-json\/wp\/v2\/product_tag?post=42941"}],"curies":[{"name":"wp","href":"https:\/\/api.w.org\/{rel}","templated":true}]}}